{"id":59858,"date":"2011-10-05T09:48:26","date_gmt":"2011-10-05T09:48:26","guid":{"rendered":"http:\/\/www.erboristerie.com\/?post_type=product&#038;p=59858"},"modified":"2025-09-10T18:54:24","modified_gmt":"2025-09-10T16:54:24","slug":"lerbolario-uomo-crema-da-barba-dedicata-alle-pelli-ultrasensibili-con-baobab-e-caffe-verde","status":"publish","type":"product","link":"https:\/\/www.erboristerie.com\/it\/prodotto\/lerbolario-uomo-crema-da-barba-dedicata-alle-pelli-ultrasensibili-con-baobab-e-caffe-verde\/","title":{"rendered":"L&#8217;Erbolario Uomo Crema Da Barba dedicata alle pelli ultrasensibili. Con Baobab e Caff\u00e8 Verde"},"content":{"rendered":"<p><strong>L&#8217;Erbolario Uomo Crema Da Barba 150ml &#8211; L&#8217;Erbolario<\/strong><\/p>\n<p>Dedicata alle pelli ultrasensibili.<\/p>\n<p>Con Estratti di Baobab e Caff\u00e8 Verde<\/p>\n<p>Crema da Barba formulata per velocizzare e facilitare al massimo la rasatura.<\/p>\n<p>La lama, infatti, scivoler\u00e0 con maggiore liquidit\u00e0 sul viso, senza irritarne la pelle, che a operazione conclusa risulter\u00e0 pi\u00f9 compatta, morbida e vellutata.<\/p>\n<p>Attivi selezionatissimi, inoltre, conferiscono al preparato una valida azione protettiva, emolliente e addolcente, perch\u00e9 l\u2019epidermide, anche la pi\u00f9 sensibile e facilmente irritabile, sia sempre aiutata a meglio affrontare il momento critico dell\u2019incontro con il rasoio.<\/p>\n<p><strong>Consigli d&#8217;uso<\/strong><\/p>\n<p>Distribuire sul viso un poco di prodotto fino a coprire uniformemente le zone da radere.<\/p>\n<p><strong>Sostanze funzionali<\/strong><\/p>\n<p>Estratto fluido di frutto di Baobab, estratto fluido di semi di Caff\u00e8 verde, olio di Baobab, burro di Caff\u00e8, olio di Babassu, olio di semi di Girasole biologico, frazione insaponificabile dell\u2019olio di Olvia, fitosteroli da Canola, estratto fluido di Avena titolato in avenatramidi, Vitamina E dai semi della Soja, oli essenziali di Arancia dolce, Limetta, Mandarino verde, Limone, Chiodi di Garofano, Patchouly e Balsamo Copahu<\/p>\n<p><strong>Cosa sapere in pi\u00f9<\/strong><\/p>\n<ul>\n<li>100% Made in Italy<\/li>\n<li>7 Metalli testati<\/li>\n<li>Da sempre amici degli animali.<\/li>\n<li>Dermatologicamente Testato<\/li>\n<li>Imballo in Carta FSC\u00ae<\/li>\n<li>Senza ingredienti di derivazione animale.<\/li>\n<li>Senza siliconi, parabeni e petrolati<\/li>\n<li>98% ingredienti di origine naturale<br \/>\nLa restante percentuale di ingredienti garantisce stabilit\u00e0 e gradevolezza del prodotto.<\/li>\n<\/ul>\n<p>&nbsp;<\/p>\n","protected":false},"excerpt":{"rendered":"<p>L&#8217;Erbolario Uomo Crema Da Barba 150ml &#8211; L&#8217;Erbolario Dedicata alle pelli ultrasensibili. Con Estratti di Baobab e Caff\u00e8 Verde Crema da Barba formulata per velocizzare e facilitare al massimo la rasatura. La lama, infatti, scivoler\u00e0 con maggiore liquidit\u00e0 sul viso, senza irritarne la pelle, che&#8230;<\/p>\n","protected":false},"featured_media":116528,"template":"","meta":{"_acf_changed":false},"product_brand":[9603],"product_cat":[9715,45040],"product_tag":[12115,14253,10650,12092,11353,12933],"giftcard-category":[],"class_list":{"0":"post-59858","1":"product","2":"type-product","3":"status-publish","4":"has-post-thumbnail","6":"product_brand-erbolario","7":"product_cat-uomo","8":"product_cat-viso","9":"product_tag-barba","10":"product_tag-barba150ml","11":"product_tag-crema","12":"product_tag-erbolario-2","13":"product_tag-lerbolario","14":"product_tag-uomo","15":"pa_formato-150-ml","16":"pa_linea-profumazione-erbolario-uomo-baobab","17":"pa_marca-lerbolario","18":"pa_tipologia-crema","20":"first","21":"instock","22":"sale","23":"taxable","24":"shipping-taxable","25":"purchasable","26":"product-type-simple"},"acf":[],"yoast_head":"<!-- This site is optimized with the Yoast SEO plugin v24.9 - https:\/\/yoast.com\/wordpress\/plugins\/seo\/ -->\n<title>L&#039;Erbolario Uomo Crema Da Barba dedicata alle pelli ultrasensibili. Con Baobab e Caff\u00e8 Verde - Erboristeria Demetra<\/title>\n<meta name=\"description\" content=\"Crema da Barba formulata per velocizzare e facilitare al massimo la rasatura. La pelle risuter\u00e0 pi\u00f9 compatta, morbida e vellutata.\" \/>\n<meta name=\"robots\" content=\"index, follow, max-snippet:-1, max-image-preview:large, max-video-preview:-1\" \/>\n<link rel=\"canonical\" href=\"https:\/\/www.erboristerie.com\/it\/prodotto\/lerbolario-uomo-crema-da-barba-dedicata-alle-pelli-ultrasensibili-con-baobab-e-caffe-verde\/\" \/>\n<meta property=\"og:locale\" content=\"it_IT\" \/>\n<meta property=\"og:type\" content=\"article\" \/>\n<meta property=\"og:title\" content=\"L&#039;Erbolario Uomo Crema Da Barba dedicata alle pelli ultrasensibili. Con Baobab e Caff\u00e8 Verde - Erboristeria Demetra\" \/>\n<meta property=\"og:description\" content=\"Crema da Barba formulata per velocizzare e facilitare al massimo la rasatura. La pelle risuter\u00e0 pi\u00f9 compatta, morbida e vellutata.\" \/>\n<meta property=\"og:url\" content=\"https:\/\/www.erboristerie.com\/it\/prodotto\/lerbolario-uomo-crema-da-barba-dedicata-alle-pelli-ultrasensibili-con-baobab-e-caffe-verde\/\" \/>\n<meta property=\"og:site_name\" content=\"Erboristeria Demetra\" \/>\n<meta property=\"article:publisher\" content=\"https:\/\/www.facebook.com\/erboristeria.demetra.online\" \/>\n<meta property=\"article:modified_time\" content=\"2025-09-10T16:54:24+00:00\" \/>\n<meta property=\"og:image\" content=\"https:\/\/www.erboristerie.com\/wp-content\/uploads\/2011\/10\/00008690.png\" \/>\n\t<meta property=\"og:image:width\" content=\"1000\" \/>\n\t<meta property=\"og:image:height\" content=\"1000\" \/>\n\t<meta property=\"og:image:type\" content=\"image\/png\" \/>\n<meta name=\"twitter:card\" content=\"summary_large_image\" \/>\n<meta name=\"twitter:label1\" content=\"Tempo di lettura stimato\" \/>\n\t<meta name=\"twitter:data1\" content=\"2 minuti\" \/>\n<script type=\"application\/ld+json\" class=\"yoast-schema-graph\">{\"@context\":\"https:\/\/schema.org\",\"@graph\":[{\"@type\":\"WebPage\",\"@id\":\"https:\/\/www.erboristerie.com\/it\/prodotto\/lerbolario-uomo-crema-da-barba-dedicata-alle-pelli-ultrasensibili-con-baobab-e-caffe-verde\/\",\"url\":\"https:\/\/www.erboristerie.com\/it\/prodotto\/lerbolario-uomo-crema-da-barba-dedicata-alle-pelli-ultrasensibili-con-baobab-e-caffe-verde\/\",\"name\":\"L'Erbolario Uomo Crema Da Barba dedicata alle pelli ultrasensibili. Con Baobab e Caff\u00e8 Verde - Erboristeria Demetra\",\"isPartOf\":{\"@id\":\"https:\/\/www.erboristerie.com\/it\/#website\"},\"primaryImageOfPage\":{\"@id\":\"https:\/\/www.erboristerie.com\/it\/prodotto\/lerbolario-uomo-crema-da-barba-dedicata-alle-pelli-ultrasensibili-con-baobab-e-caffe-verde\/#primaryimage\"},\"image\":{\"@id\":\"https:\/\/www.erboristerie.com\/it\/prodotto\/lerbolario-uomo-crema-da-barba-dedicata-alle-pelli-ultrasensibili-con-baobab-e-caffe-verde\/#primaryimage\"},\"thumbnailUrl\":\"https:\/\/www.erboristerie.com\/wp-content\/uploads\/2011\/10\/00008690.png\",\"datePublished\":\"2011-10-05T09:48:26+00:00\",\"dateModified\":\"2025-09-10T16:54:24+00:00\",\"description\":\"Crema da Barba formulata per velocizzare e facilitare al massimo la rasatura. La pelle risuter\u00e0 pi\u00f9 compatta, morbida e vellutata.\",\"breadcrumb\":{\"@id\":\"https:\/\/www.erboristerie.com\/it\/prodotto\/lerbolario-uomo-crema-da-barba-dedicata-alle-pelli-ultrasensibili-con-baobab-e-caffe-verde\/#breadcrumb\"},\"inLanguage\":\"it-IT\",\"potentialAction\":[{\"@type\":\"ReadAction\",\"target\":[\"https:\/\/www.erboristerie.com\/it\/prodotto\/lerbolario-uomo-crema-da-barba-dedicata-alle-pelli-ultrasensibili-con-baobab-e-caffe-verde\/\"]}]},{\"@type\":\"ImageObject\",\"inLanguage\":\"it-IT\",\"@id\":\"https:\/\/www.erboristerie.com\/it\/prodotto\/lerbolario-uomo-crema-da-barba-dedicata-alle-pelli-ultrasensibili-con-baobab-e-caffe-verde\/#primaryimage\",\"url\":\"https:\/\/www.erboristerie.com\/wp-content\/uploads\/2011\/10\/00008690.png\",\"contentUrl\":\"https:\/\/www.erboristerie.com\/wp-content\/uploads\/2011\/10\/00008690.png\",\"width\":1000,\"height\":1000},{\"@type\":\"BreadcrumbList\",\"@id\":\"https:\/\/www.erboristerie.com\/it\/prodotto\/lerbolario-uomo-crema-da-barba-dedicata-alle-pelli-ultrasensibili-con-baobab-e-caffe-verde\/#breadcrumb\",\"itemListElement\":[{\"@type\":\"ListItem\",\"position\":1,\"name\":\"Home\",\"item\":\"https:\/\/www.erboristerie.com\/it\/\"},{\"@type\":\"ListItem\",\"position\":2,\"name\":\"Tutti i prodotti\",\"item\":\"https:\/\/www.erboristerie.com\/it\/tutti-i-prodotti\/\"},{\"@type\":\"ListItem\",\"position\":3,\"name\":\"L&#8217;Erbolario Uomo Crema Da Barba dedicata alle pelli ultrasensibili. Con Baobab e Caff\u00e8 Verde\"}]},{\"@type\":\"WebSite\",\"@id\":\"https:\/\/www.erboristerie.com\/it\/#website\",\"url\":\"https:\/\/www.erboristerie.com\/it\/\",\"name\":\"Erboristeria Demetra\",\"description\":\"La tua salute al naturale\",\"publisher\":{\"@id\":\"https:\/\/www.erboristerie.com\/it\/#organization\"},\"potentialAction\":[{\"@type\":\"SearchAction\",\"target\":{\"@type\":\"EntryPoint\",\"urlTemplate\":\"https:\/\/www.erboristerie.com\/it\/?s={search_term_string}\"},\"query-input\":{\"@type\":\"PropertyValueSpecification\",\"valueRequired\":true,\"valueName\":\"search_term_string\"}}],\"inLanguage\":\"it-IT\"},{\"@type\":\"Organization\",\"@id\":\"https:\/\/www.erboristerie.com\/it\/#organization\",\"name\":\"Erboristeria Demetra\",\"url\":\"https:\/\/www.erboristerie.com\/it\/\",\"logo\":{\"@type\":\"ImageObject\",\"inLanguage\":\"it-IT\",\"@id\":\"https:\/\/www.erboristerie.com\/it\/#\/schema\/logo\/image\/\",\"url\":\"https:\/\/www.erboristerie.com\/wp-content\/uploads\/2019\/11\/LOGO_ERBORISTERIA_DEMETRA_original.png?v=1611516981\",\"contentUrl\":\"https:\/\/www.erboristerie.com\/wp-content\/uploads\/2019\/11\/LOGO_ERBORISTERIA_DEMETRA_original.png?v=1611516981\",\"width\":201,\"height\":54,\"caption\":\"Erboristeria Demetra\"},\"image\":{\"@id\":\"https:\/\/www.erboristerie.com\/it\/#\/schema\/logo\/image\/\"},\"sameAs\":[\"https:\/\/www.facebook.com\/erboristeria.demetra.online\"]}]}<\/script>\n<!-- \/ Yoast SEO plugin. -->","yoast_head_json":{"title":"L'Erbolario Uomo Crema Da Barba dedicata alle pelli ultrasensibili. Con Baobab e Caff\u00e8 Verde - Erboristeria Demetra","description":"Crema da Barba formulata per velocizzare e facilitare al massimo la rasatura. La pelle risuter\u00e0 pi\u00f9 compatta, morbida e vellutata.","robots":{"index":"index","follow":"follow","max-snippet":"max-snippet:-1","max-image-preview":"max-image-preview:large","max-video-preview":"max-video-preview:-1"},"canonical":"https:\/\/www.erboristerie.com\/it\/prodotto\/lerbolario-uomo-crema-da-barba-dedicata-alle-pelli-ultrasensibili-con-baobab-e-caffe-verde\/","og_locale":"it_IT","og_type":"article","og_title":"L'Erbolario Uomo Crema Da Barba dedicata alle pelli ultrasensibili. Con Baobab e Caff\u00e8 Verde - Erboristeria Demetra","og_description":"Crema da Barba formulata per velocizzare e facilitare al massimo la rasatura. La pelle risuter\u00e0 pi\u00f9 compatta, morbida e vellutata.","og_url":"https:\/\/www.erboristerie.com\/it\/prodotto\/lerbolario-uomo-crema-da-barba-dedicata-alle-pelli-ultrasensibili-con-baobab-e-caffe-verde\/","og_site_name":"Erboristeria Demetra","article_publisher":"https:\/\/www.facebook.com\/erboristeria.demetra.online","article_modified_time":"2025-09-10T16:54:24+00:00","og_image":[{"width":1000,"height":1000,"url":"https:\/\/www.erboristerie.com\/wp-content\/uploads\/2011\/10\/00008690.png","type":"image\/png"}],"twitter_card":"summary_large_image","twitter_misc":{"Tempo di lettura stimato":"2 minuti"},"schema":{"@context":"https:\/\/schema.org","@graph":[{"@type":"WebPage","@id":"https:\/\/www.erboristerie.com\/it\/prodotto\/lerbolario-uomo-crema-da-barba-dedicata-alle-pelli-ultrasensibili-con-baobab-e-caffe-verde\/","url":"https:\/\/www.erboristerie.com\/it\/prodotto\/lerbolario-uomo-crema-da-barba-dedicata-alle-pelli-ultrasensibili-con-baobab-e-caffe-verde\/","name":"L'Erbolario Uomo Crema Da Barba dedicata alle pelli ultrasensibili. Con Baobab e Caff\u00e8 Verde - Erboristeria Demetra","isPartOf":{"@id":"https:\/\/www.erboristerie.com\/it\/#website"},"primaryImageOfPage":{"@id":"https:\/\/www.erboristerie.com\/it\/prodotto\/lerbolario-uomo-crema-da-barba-dedicata-alle-pelli-ultrasensibili-con-baobab-e-caffe-verde\/#primaryimage"},"image":{"@id":"https:\/\/www.erboristerie.com\/it\/prodotto\/lerbolario-uomo-crema-da-barba-dedicata-alle-pelli-ultrasensibili-con-baobab-e-caffe-verde\/#primaryimage"},"thumbnailUrl":"https:\/\/www.erboristerie.com\/wp-content\/uploads\/2011\/10\/00008690.png","datePublished":"2011-10-05T09:48:26+00:00","dateModified":"2025-09-10T16:54:24+00:00","description":"Crema da Barba formulata per velocizzare e facilitare al massimo la rasatura. La pelle risuter\u00e0 pi\u00f9 compatta, morbida e vellutata.","breadcrumb":{"@id":"https:\/\/www.erboristerie.com\/it\/prodotto\/lerbolario-uomo-crema-da-barba-dedicata-alle-pelli-ultrasensibili-con-baobab-e-caffe-verde\/#breadcrumb"},"inLanguage":"it-IT","potentialAction":[{"@type":"ReadAction","target":["https:\/\/www.erboristerie.com\/it\/prodotto\/lerbolario-uomo-crema-da-barba-dedicata-alle-pelli-ultrasensibili-con-baobab-e-caffe-verde\/"]}]},{"@type":"ImageObject","inLanguage":"it-IT","@id":"https:\/\/www.erboristerie.com\/it\/prodotto\/lerbolario-uomo-crema-da-barba-dedicata-alle-pelli-ultrasensibili-con-baobab-e-caffe-verde\/#primaryimage","url":"https:\/\/www.erboristerie.com\/wp-content\/uploads\/2011\/10\/00008690.png","contentUrl":"https:\/\/www.erboristerie.com\/wp-content\/uploads\/2011\/10\/00008690.png","width":1000,"height":1000},{"@type":"BreadcrumbList","@id":"https:\/\/www.erboristerie.com\/it\/prodotto\/lerbolario-uomo-crema-da-barba-dedicata-alle-pelli-ultrasensibili-con-baobab-e-caffe-verde\/#breadcrumb","itemListElement":[{"@type":"ListItem","position":1,"name":"Home","item":"https:\/\/www.erboristerie.com\/it\/"},{"@type":"ListItem","position":2,"name":"Tutti i prodotti","item":"https:\/\/www.erboristerie.com\/it\/tutti-i-prodotti\/"},{"@type":"ListItem","position":3,"name":"L&#8217;Erbolario Uomo Crema Da Barba dedicata alle pelli ultrasensibili. Con Baobab e Caff\u00e8 Verde"}]},{"@type":"WebSite","@id":"https:\/\/www.erboristerie.com\/it\/#website","url":"https:\/\/www.erboristerie.com\/it\/","name":"Erboristeria Demetra","description":"La tua salute al naturale","publisher":{"@id":"https:\/\/www.erboristerie.com\/it\/#organization"},"potentialAction":[{"@type":"SearchAction","target":{"@type":"EntryPoint","urlTemplate":"https:\/\/www.erboristerie.com\/it\/?s={search_term_string}"},"query-input":{"@type":"PropertyValueSpecification","valueRequired":true,"valueName":"search_term_string"}}],"inLanguage":"it-IT"},{"@type":"Organization","@id":"https:\/\/www.erboristerie.com\/it\/#organization","name":"Erboristeria Demetra","url":"https:\/\/www.erboristerie.com\/it\/","logo":{"@type":"ImageObject","inLanguage":"it-IT","@id":"https:\/\/www.erboristerie.com\/it\/#\/schema\/logo\/image\/","url":"https:\/\/www.erboristerie.com\/wp-content\/uploads\/2019\/11\/LOGO_ERBORISTERIA_DEMETRA_original.png?v=1611516981","contentUrl":"https:\/\/www.erboristerie.com\/wp-content\/uploads\/2019\/11\/LOGO_ERBORISTERIA_DEMETRA_original.png?v=1611516981","width":201,"height":54,"caption":"Erboristeria Demetra"},"image":{"@id":"https:\/\/www.erboristerie.com\/it\/#\/schema\/logo\/image\/"},"sameAs":["https:\/\/www.facebook.com\/erboristeria.demetra.online"]}]}},"_links":{"self":[{"href":"https:\/\/www.erboristerie.com\/it\/wp-json\/wp\/v2\/product\/59858","targetHints":{"allow":["GET"]}}],"collection":[{"href":"https:\/\/www.erboristerie.com\/it\/wp-json\/wp\/v2\/product"}],"about":[{"href":"https:\/\/www.erboristerie.com\/it\/wp-json\/wp\/v2\/types\/product"}],"wp:featuredmedia":[{"embeddable":true,"href":"https:\/\/www.erboristerie.com\/it\/wp-json\/wp\/v2\/media\/116528"}],"wp:attachment":[{"href":"https:\/\/www.erboristerie.com\/it\/wp-json\/wp\/v2\/media?parent=59858"}],"wp:term":[{"taxonomy":"product_brand","embeddable":true,"href":"https:\/\/www.erboristerie.com\/it\/wp-json\/wp\/v2\/product_brand?post=59858"},{"taxonomy":"product_cat","embeddable":true,"href":"https:\/\/www.erboristerie.com\/it\/wp-json\/wp\/v2\/product_cat?post=59858"},{"taxonomy":"product_tag","embeddable":true,"href":"https:\/\/www.erboristerie.com\/it\/wp-json\/wp\/v2\/product_tag?post=59858"},{"taxonomy":"giftcard-category","embeddable":true,"href":"https:\/\/www.erboristerie.com\/it\/wp-json\/wp\/v2\/giftcard-category?post=59858"}],"curies":[{"name":"wp","href":"https:\/\/api.w.org\/{rel}","templated":true}]}}